{"id":40,"date":"2020-03-02T16:22:39","date_gmt":"2020-03-02T16:22:39","guid":{"rendered":"https:\/\/server278705.nazwa.pl\/?page_id=40"},"modified":"2024-09-07T10:40:03","modified_gmt":"2024-09-07T09:40:03","slug":"historia","status":"publish","type":"page","link":"http:\/\/www.wsd.rzeszow.pl\/?page_id=40","title":{"rendered":"Historia"},"content":{"rendered":"\n<p>Utworzenie Wy\u017cszego Seminarium Duchownego w Rzeszowie jest nieroz\u0142\u0105cznie zwi\u0105zane z powstaniem Diecezji Rzeszowskiej, kt\u00f3r\u0105 erygowa\u0142 papie\u017c Jan Pawe\u0142 II bull\u0105 <em>Totus tuus Poloniae populus,<\/em> wydan\u0105 dnia 25 marca 1992 r. Jej terytorium wydzielone zosta\u0142o z dw\u00f3ch dotychczas s\u0105siaduj\u0105cych ze sob\u0105 diecezji: przemyskiej (14 dekanat\u00f3w) i tarnowskiej (5 dekanat\u00f3w). Jako diecezja sufraganalna wesz\u0142a w sk\u0142ad metropolii przemyskiej. Jej patronami ustanowiono b\u0142. J\u00f3zefa Sebastiana Pelczara (kanonizowany w 2003 r.) i b\u0142. Karolin\u0119 K\u00f3zka, za\u015b katedr\u0105 &#8211; rzeszowski ko\u015bci\u00f3\u0142 pw. Naj\u015bwi\u0119tszego Serca Pana Jezusa (<em>Redemptor hominis<\/em>). Pierwszym jej ordynariuszem zosta\u0142 bp Kazimierz G\u00f3rny, a biskupem pomocniczym &#8211; bp Edward Bia\u0142og\u0142owski. W chwili powstania diecezja sk\u0142ada\u0142a si\u0119 z 202 parafii i 4 rektorat\u00f3w, kt\u00f3re zamieszkiwa\u0142o ok. 600 tys. wiernych. Pracowa\u0142o w niej w\u00f3wczas blisko p\u00f3\u0142 tysi\u0105ca kap\u0142an\u00f3w oraz 259 si\u00f3str i 14 braci zakonnych.<\/p>\n\n\n\n<p>Wkr\u00f3tce po powstaniu diecezji zorganizowano urz\u0119dy wspieraj\u0105ce biskupa w sprawowaniu w\u0142adzy administracyjnej i s\u0105downiczej. Najpierw utworzono Kuri\u0119 Diecezjaln\u0105 (1992), a kilka lat p\u00f3\u017aniej S\u0105d Biskupi (1997). Ustanowiono te\u017c instytucje i organizacje, usprawniaj\u0105ce funkcjonowanie diecezji, m. in. Caritas Diecezji Rzeszowskiej (1992), Instytut Teologiczno-Pastoralny im. b\u0142. J\u00f3zefa Sebastiana Pelczara (1992). Zadbano nadto o wypracowanie lokalnego prawa ko\u015bcielnego. Zaj\u0105\u0142 si\u0119 tym pierwszy synod diecezji rzeszowskiej, kt\u00f3ry odby\u0142 si\u0119 w okresie od 24 marca 2001 do 20 listopada 2004 r.<\/p>\n\n\n\n<p><strong>Erygowanie seminarium<\/strong> <strong>(1993)<\/strong><\/p>\n\n\n\n<p>W ramach procesu organizacji podstawowych instytucji diecezjalnych powsta\u0142o r\u00f3wnie\u017c Wy\u017csze Seminarium Duchowne Diecezji Rzeszowskiej. Jego rych\u0142e utworzenie wymusi\u0142a istniej\u0105ca w\u00f3wczas sytuacja. Zgodnie bowiem z postanowieniem bulli papieskiej, alumni, pochodz\u0105cy z terenu nowo utworzonej diecezji rzeszowskiej, a przygotowuj\u0105cy si\u0119 do kap\u0142a\u0144stwa w seminariach, w Tarnowie i Przemy\u015blu, mieli prawo sami zadecydowa\u0107 o swej przynale\u017cno\u015bci ko\u015bcielnej. Zdecydowana wi\u0119kszo\u015b\u0107 opowiedzia\u0142a si\u0119 za diecezj\u0105 rzeszowsk\u0105. W ten spos\u00f3b wkr\u00f3tce po swym powstaniu posiada\u0142a ona, cho\u0107 jeszcze nie mia\u0142a w\u0142asnego seminarium, ponad 120 kleryk\u00f3w. Na mocy porozumienia zawartego wkr\u00f3tce z biskupami z Przemy\u015bla i Tarnowa mogli oni kontynuowa\u0107 studia w dotychczasowych plac\u00f3wkach.<\/p>\n\n\n\n<p>Rozwi\u0105zanie to mia\u0142o jednak charakter tymczasowy. Wkr\u00f3tce wi\u0119c podj\u0119to starania o utworzenie w\u0142asnego seminarium. Rozpocz\u0119to je od przygotowania odpowiedniej na ten cel bazy materialnej. Dzia\u0142ania te, wsparte \u017cyczliwo\u015bci\u0105 lokalnego \u015brodowiska, zaowocowa\u0142y pozyskaniem obiektu mieszkalnego, zlokalizowanego przy ul. Wetli\u0144skiej 4. Na tej bazie, dnia 8 kwietnia 1993 r., w Wielki Czwartek bp Kazimierz G\u00f3rny erygowa\u0142 Wy\u017csze Seminarium Duchowne Diecezji Rzeszowskiej. Oto tre\u015b\u0107 dekretu erekcyjnego: \u201dNiniejszym, na podstawie Bulli Jana Paw\u0142a II i kan. 232-264 KPK, z <strong>dniem 8 kwietnia 1993 r. <\/strong>eryguj\u0119 <strong>Wy\u017csze Seminarium Duchowne Diecezji Rzeszowskiej<\/strong> z siedzib\u0105 w Rzeszowie. Do czasu uko\u0144czenia przygotowa\u0144 budynk\u00f3w w Rzeszowie, alumni korzysta\u0107 b\u0119d\u0105 z formacji i studi\u00f3w seminaryjnych w Przemy\u015blu i Tarnowie. Adhortacja Jana Paw\u0142a II \u201ePastores dabo vobis\u201d oraz wspania\u0142e tradycje Seminari\u00f3w w Przemy\u015blu i Tarnowie niech pomagaj\u0105 w kszta\u0142towaniu powo\u0142a\u0144 kap\u0142a\u0144skich, a b\u0142ogos\u0142awiony J\u00f3zef Sebastian Pelczar, patron Diecezji, w szczeg\u00f3lny spos\u00f3b niech wspiera przygotowania i prac\u0119 nowego Seminarium\u201d. Pierwszym rektorem seminarium by\u0142 <strong>ks. dr Wies\u0142aw Szurek<\/strong>. Funkcj\u0119 t\u0119 pe\u0142ni\u0142 do 1999 r.<\/p>\n\n\n\n<p><strong>Pocz\u0105tki funkcjonowania WSD<\/strong><\/p>\n\n\n\n<p>Pierwszymi mieszka\u0144cami budynku seminaryjnego by\u0142o 23 diakon\u00f3w, kt\u00f3rzy w dniach od 19 kwietnia do 29 maja 1993 r. tam w\u0142a\u015bnie odbyli ostatni etap przygotowa\u0144 do przyj\u0119cia sakramentu kap\u0142a\u0144stwa. Ich opiekunami byli: ks. Stanis\u0142aw Zych &#8211; odpowiedzialny za formacj\u0119 duchow\u0105, ks. Ireneusz Folcik &#8211; kieruj\u0105cy przygotowaniem pastoralnym oraz ks. Czes\u0142aw Szewczyk &#8211; prorektor ds. administracyjnych, troszcz\u0105cy si\u0119 o sprawy materialne.<\/p>\n\n\n\n<p>Obiekt seminaryjny, b\u0119d\u0105cy dotychczas hotelem robotniczym, wymaga\u0142 adaptacji do nowych zada\u0144. Konieczne te\u017c by\u0142o zakupienie jego drugiego skrzyd\u0142a i budowa nowego segmentu, w kt\u00f3rym mog\u0142yby znale\u017a\u0107 si\u0119 kaplica, aula, refektarz, kuchnia i jej zaplecze. Realizacj\u0105 tych zada\u0144 zaj\u0105\u0142 si\u0119 ks. Czes\u0142aw Szewczyk. W ci\u0105gu kilku miesi\u0119cy uda\u0142o si\u0119 je doprowadzi\u0107 do takiego stanu, \u017ce ju\u017c we wrze\u015bniu 1993 r. cztery pierwsze roczniki alumn\u00f3w rozpocz\u0119\u0142y w Rzeszowie swoj\u0105 formacj\u0119 ku kap\u0142a\u0144stwu. Dwa ostatnie natomiast, ze wzgl\u0119du na zaawansowanie prac magisterskich, kontynuowa\u0142y studia teologiczne i przygotowanie do kap\u0142a\u0144stwa w seminariach w Przemy\u015blu i Tarnowie. Pocz\u0105wszy od roku akademickiego 1994\/95 w Rzeszowie studiowa\u0142y ju\u017c wszystkie roczniki student\u00f3w filozofii i teologii.<\/p>\n\n\n\n<p>Cho\u0107 rzeszowskie Seminarium zainaugurowa\u0142o swoj\u0105 dzia\u0142alno\u015b\u0107 we wrze\u015bniu 1993 r., to jednak nie uda\u0142o si\u0119 do tego czasu doko\u0144czy\u0107 wszystkich podj\u0119tych prac. Nie by\u0142o mi\u0119dzy innymi odpowiedniej kaplicy domowej. Tote\u017c w pierwszym roku funkcjonowania uczelni klerycy korzystali z kaplicy po\u0142o\u017conej w s\u0105siedniej wiosce Zwi\u0119czycy oraz niewielkiego oratorium, znajduj\u0105cego si\u0119 w jednej z sal seminaryjnych. <\/p>\n\n\n\n<p><strong>Pierwsza rozbudowa WSD: kaplica, jadalnia, aula<\/strong> <strong>(1992-1994)<\/strong><\/p>\n\n\n\n<p>W tym czasie trwa\u0142y dalsze prace przy rozbudowie obiektu seminaryjnego. Kierowa\u0142 nimi ks. Czes\u0142aw Szewczyk, a nadzorowa\u0142 je in\u017c. W\u0142adys\u0142aw Such. Nowy segment zaprojektowany zosta\u0142 przez rzeszowskiego architekta mgr in\u017c. arch. Marka \u0141obaczewskiego, za\u015b jego plan konstrukcyjny opracowa\u0142 in\u017c. Jerzy Furman. Uwie\u0144czeniem tej inwestycji by\u0142o po\u015bwi\u0119cenie kaplicy i konsekracja o\u0142tarza dokonane 10 czerwca 1994 r. przez nuncjusza apostolskiego w Polsce, abp. J\u00f3zefa Kowalczyka. Tym samym zako\u0144czy\u0142 si\u0119 zasadniczy etap rozbudowy gmachu seminaryjnego. Od tego czasu Seminarium mog\u0142o ju\u017c normalnie funkcjonowa\u0107. Wprawdzie w okresie p\u00f3\u017aniejszym podejmowano jeszcze dodatkowe prace przy obiekcie seminaryjnym, ale mia\u0142y one g\u0142\u00f3wnie charakter remontowo-adaptacyjny.<\/p>\n\n\n\n<p><strong>Druga rozbudowa WSD: Nowa aula i sala gimnastyczna (2002-2005)<\/strong><\/p>\n\n\n\n<p>Znaczne poszerzenie zaplecza materialnego rzeszowskiego Seminarium dokona\u0142o si\u0119 dopiero w 2002 r. Najpierw, dnia 2 czerwca tego roku pozyskano od Rzeszowskiego Przedsi\u0119biorstwa Budowlano-Monta\u017cowego \u201eMontares\u201d budynek warsztatu \u015blusarsko-kowalskiego wraz z dzia\u0142k\u0105, na kt\u00f3rej by\u0142 wzniesiony, a nast\u0119pnie w roku 2003 przyst\u0105piono do prac adaptacyjnych. W ci\u0105gu dw\u00f3ch lat na bazie tego obiektu powsta\u0142a aula seminaryjna i sala sportowa z odpowiednim zapleczem. Oba pomieszczenia oddano do u\u017cytku w 2005 r. Ich po\u015bwi\u0119cenia dokona\u0142 bp Kazimierz G\u00f3rny &#8211; sali gimnastycznej 6 stycznia 2005 r., auli 10 pa\u017adziernika 2005 r. Przy okazji po\u015bwi\u0119cenia aula otrzyma\u0142a wezwanie b\u0142. ks. W\u0142adys\u0142awa Findysza. Dzi\u0119ki tym ostatnim inwestycjom Seminarium uzupe\u0142ni\u0142o sw\u0105 baz\u0119 materialn\u0105 o obiekt kulturalno-rekreacyjny. W tych latach rektorem seminarium by\u0142 <strong>ks. dr hab. Jerzy Buczek (1999-2010)<\/strong>.<\/p>\n\n\n\n<p><strong>Seminarium zmienia adres (2013)<\/strong><\/p>\n\n\n\n<p>Wa\u017cna zmiana w bazie materialnej Seminarium dokona\u0142a si\u0119 w 2013 r., gdy zyska\u0142o ono now\u0105 siedzib\u0119. Zanim zosta\u0142a ona uskuteczniona ju\u017c w 2008 r. rzeszowski Instytut Teologiczno-Pastoralny im. \u015bw. J\u00f3zefa Sebastiana Pelczara stan\u0105\u0142 wobec perspektywy budowy nowego gmachu wraz z akademikiem dla student\u00f3w, w oparciu o fundusze unijne. Starania zaj\u0119\u0142y jeszcze dwa lata. Wreszcie rozpocz\u0119to realizacj\u0119 projektu. Now\u0105 siedzib\u0119 Instytutu, zlokalizowan\u0105 w Rzeszowie, przy ul. Witolda 11a, wybudowano w latach 2010-2012, w ramach projekt\u00f3w kluczowych Wojew\u00f3dztwa Podkarpackiego. Generalnym Wykonawc\u0105 by\u0142a firma Skanska SA, za\u015b Projektantem koordynatorem Studio Architektury Archi Group Chrobak Marek. Obiekt zosta\u0142 po\u015bwi\u0119cony w dniu 11 pa\u017adziernika 2012 roku przez Bp Kazimierza G\u00f3rnego, biskupa rzeszowskiego. Od 2 stycznia 2013 r. w akademiku po\u0142\u0105czonym z Instytutem zamieszkali studenci teologii \u2013 klerycy rzeszowskiego WSD, a w Instytucie rozpocz\u0119li studia i zaj\u0119cia formacyjne. Od tego te\u017c momentu w tym obiekcie mie\u015bci si\u0119 siedziba Wy\u017cszego Seminarium Duchownego. Kolejnymi rektorami rzeszowskiego seminarium byli <strong>ks. dr hab. Jacenty Mastej (2010-2014)<\/strong> oraz <strong>ks. dr Pawe\u0142 Pietrusiak (2014-2022)<\/strong>.<\/p>\n\n\n\n<div style=\"height:100px\" aria-hidden=\"true\" class=\"wp-block-spacer\"><\/div>\n","protected":false},"excerpt":{"rendered":"<p>Utworzenie Wy\u017cszego Seminarium Duchownego w Rzeszowie jest nieroz\u0142\u0105cznie zwi\u0105zane z powstaniem Diecezji Rzeszowskiej, kt\u00f3r\u0105 erygowa\u0142 papie\u017c Jan Pawe\u0142 II bull\u0105 Totus tuus Poloniae populus, wydan\u0105 dnia 25 marca 1992 r. Jej terytorium wydzielone zosta\u0142o z dw\u00f3ch dotychczas s\u0105siaduj\u0105cych ze sob\u0105 diecezji: przemyskiej (14 dekanat\u00f3w) i tarnowskiej (5 dekanat\u00f3w). Jako diecezja [&hellip;]<\/p>\n","protected":false},"author":16,"featured_media":10,"parent":0,"menu_order":0,"comment_status":"closed","ping_status":"closed","template":"","meta":{"ngg_post_thumbnail":0,"footnotes":""},"class_list":["post-40","page","type-page","status-publish","has-post-thumbnail","hentry"],"_links":{"self":[{"href":"http:\/\/www.wsd.rzeszow.pl\/index.php?rest_route=\/wp\/v2\/pages\/40","targetHints":{"allow":["GET"]}}],"collection":[{"href":"http:\/\/www.wsd.rzeszow.pl\/index.php?rest_route=\/wp\/v2\/pages"}],"about":[{"href":"http:\/\/www.wsd.rzeszow.pl\/index.php?rest_route=\/wp\/v2\/types\/page"}],"author":[{"embeddable":true,"href":"http:\/\/www.wsd.rzeszow.pl\/index.php?rest_route=\/wp\/v2\/users\/16"}],"replies":[{"embeddable":true,"href":"http:\/\/www.wsd.rzeszow.pl\/index.php?rest_route=%2Fwp%2Fv2%2Fcomments&post=40"}],"version-history":[{"count":15,"href":"http:\/\/www.wsd.rzeszow.pl\/index.php?rest_route=\/wp\/v2\/pages\/40\/revisions"}],"predecessor-version":[{"id":15609,"href":"http:\/\/www.wsd.rzeszow.pl\/index.php?rest_route=\/wp\/v2\/pages\/40\/revisions\/15609"}],"wp:featuredmedia":[{"embeddable":true,"href":"http:\/\/www.wsd.rzeszow.pl\/index.php?rest_route=\/wp\/v2\/media\/10"}],"wp:attachment":[{"href":"http:\/\/www.wsd.rzeszow.pl\/index.php?rest_route=%2Fwp%2Fv2%2Fmedia&parent=40"}],"curies":[{"name":"wp","href":"https:\/\/api.w.org\/{rel}","templated":true}]}}