{"id":21,"date":"2020-03-02T16:10:13","date_gmt":"2020-03-02T16:10:13","guid":{"rendered":"https:\/\/server278705.nazwa.pl\/?page_id=21"},"modified":"2024-03-08T17:21:36","modified_gmt":"2024-03-08T16:21:36","slug":"ks-dr-pawel-pietrusiak","status":"publish","type":"page","link":"http:\/\/www.wsd.rzeszow.pl\/?page_id=21","title":{"rendered":"Ks. Adam Kubi\u015b"},"content":{"rendered":"\n<figure class=\"wp-block-image size-full\"><img loading=\"lazy\" decoding=\"async\" width=\"700\" height=\"251\" src=\"https:\/\/www.wsd.rzeszow.pl\/wp-content\/uploads\/2022\/08\/adam-kubis-grafika.png\" alt=\"\" class=\"wp-image-4213\" srcset=\"http:\/\/www.wsd.rzeszow.pl\/wp-content\/uploads\/2022\/08\/adam-kubis-grafika.png 700w, http:\/\/www.wsd.rzeszow.pl\/wp-content\/uploads\/2022\/08\/adam-kubis-grafika-300x108.png 300w\" sizes=\"auto, (max-width: 700px) 100vw, 700px\" \/><\/figure>\n\n\n\n<p><\/p>\n\n\n\n<p><\/p>\n\n\n\n<p>Po studiach filozoficzno-teologicznych w Wy\u017cszym Seminarium Duchownym w Rzeszowie i \u015bwi\u0119ceniach kap\u0142a\u0144skich (2001), pracowa\u0142 jako wikariusz i katecheta w parafii w Brzostku (2001-2002) oraz studiowa\u0142 w Papieskim Instytucie Biblijnym w Rzymie (2002-2006), gdzie uzyska\u0142 licencjat, oraz we Francuskiej Szkole Biblijnej i Archeologicznej w Jerozolimie (2006-2010), gdzie obroni\u0142 doktorat. W latach 2010-2012 pracowa\u0142 jako duszpasterz w diecezji Graz-Seckau w Austrii. Od 2012 r. pracuje na KUL-u, gdzie w 2019 r. uzyska\u0142 habilitacj\u0119, a w 2021 r. zosta\u0142 mianowany profesorem KUL. Jest wiceprezesem stowarzyszenia\u00a0\u201e<a href=\"https:\/\/verbumsacrum.pl\/\" target=\"_blank\" rel=\"noreferrer noopener\">Verbum Sacrum<\/a>\u201d, redaktorem naczelnym kwartalnika teologicznego\u00a0\u201e<a href=\"https:\/\/czasopisma.kul.pl\/vv\" target=\"_blank\" rel=\"noreferrer noopener\">Verbum Vitae<\/a>\u201d, redaktorem naukowym\u00a0<a href=\"https:\/\/pl.wikipedia.org\/wiki\/Biblia_lubelska\" target=\"_blank\" rel=\"noreferrer noopener\">Biblii Lubelskiej<\/a>, kierownikiem naukowym projektu polskiej bazy teologicznej \u201e<a href=\"https:\/\/repozytorium.theo-logos.pl\/xmlui\/\" target=\"_blank\" rel=\"noreferrer noopener\">Theo-logos<\/a>\u201d, redaktorem naczelnym serii \u201e<a href=\"https:\/\/www.vandenhoeck-ruprecht-verlage.com\/reihe-lublin-theological-studies\" target=\"_blank\" rel=\"noreferrer noopener\">Lublin Theological Studies<\/a>\u201d, dyrektorem <a href=\"https:\/\/akademia-biblijna.pl\/\" target=\"_blank\" rel=\"noreferrer noopener\">Akademii Biblijnej Diecezji Rzeszowskiej<\/a> oraz za\u0142o\u017cycielem i moderatorem <a href=\"https:\/\/szkola-dabar.pl\/\" target=\"_blank\" rel=\"noreferrer noopener\">Szko\u0142y DABAR<\/a>. Od 25 czerwca 2022 r. pe\u0142ni obowi\u0105zki rektora seminarium. Wykaz i teksty publikacji naukowych mo\u017cna znale\u017a\u0107 tutaj: <a href=\"https:\/\/kul.academia.edu\/AdamKubis\" target=\"_blank\" rel=\"noreferrer noopener\">Academia<\/a>.<\/p>\n\n\n\n<div style=\"height:100px\" aria-hidden=\"true\" class=\"wp-block-spacer\"><\/div>\n","protected":false},"excerpt":{"rendered":"<p>Po studiach filozoficzno-teologicznych w Wy\u017cszym Seminarium Duchownym w Rzeszowie i \u015bwi\u0119ceniach kap\u0142a\u0144skich (2001), pracowa\u0142 jako wikariusz i katecheta w parafii w Brzostku (2001-2002) oraz studiowa\u0142 w Papieskim Instytucie Biblijnym w Rzymie (2002-2006), gdzie uzyska\u0142 licencjat, oraz we Francuskiej Szkole Biblijnej i Archeologicznej w Jerozolimie (2006-2010), gdzie obroni\u0142 doktorat. W latach [&hellip;]<\/p>\n","protected":false},"author":16,"featured_media":846,"parent":0,"menu_order":0,"comment_status":"closed","ping_status":"closed","template":"","meta":{"ngg_post_thumbnail":0,"footnotes":""},"class_list":["post-21","page","type-page","status-publish","has-post-thumbnail","hentry"],"_links":{"self":[{"href":"http:\/\/www.wsd.rzeszow.pl\/index.php?rest_route=\/wp\/v2\/pages\/21","targetHints":{"allow":["GET"]}}],"collection":[{"href":"http:\/\/www.wsd.rzeszow.pl\/index.php?rest_route=\/wp\/v2\/pages"}],"about":[{"href":"http:\/\/www.wsd.rzeszow.pl\/index.php?rest_route=\/wp\/v2\/types\/page"}],"author":[{"embeddable":true,"href":"http:\/\/www.wsd.rzeszow.pl\/index.php?rest_route=\/wp\/v2\/users\/16"}],"replies":[{"embeddable":true,"href":"http:\/\/www.wsd.rzeszow.pl\/index.php?rest_route=%2Fwp%2Fv2%2Fcomments&post=21"}],"version-history":[{"count":10,"href":"http:\/\/www.wsd.rzeszow.pl\/index.php?rest_route=\/wp\/v2\/pages\/21\/revisions"}],"predecessor-version":[{"id":14358,"href":"http:\/\/www.wsd.rzeszow.pl\/index.php?rest_route=\/wp\/v2\/pages\/21\/revisions\/14358"}],"wp:featuredmedia":[{"embeddable":true,"href":"http:\/\/www.wsd.rzeszow.pl\/index.php?rest_route=\/wp\/v2\/media\/846"}],"wp:attachment":[{"href":"http:\/\/www.wsd.rzeszow.pl\/index.php?rest_route=%2Fwp%2Fv2%2Fmedia&parent=21"}],"curies":[{"name":"wp","href":"https:\/\/api.w.org\/{rel}","templated":true}]}}